{"id":474,"date":"2013-07-03T10:58:40","date_gmt":"2013-07-03T10:58:40","guid":{"rendered":"http:\/\/www.werkrealschule-unterer-neckar.de\/?page_id=474"},"modified":"2025-10-13T09:50:48","modified_gmt":"2025-10-13T07:50:48","slug":"smv","status":"publish","type":"page","link":"https:\/\/www.werkrealschule-unterer-neckar.de\/?page_id=474","title":{"rendered":"SMV"},"content":{"rendered":"<p>Der Sch\u00fclermitverantwortung (SMV) geh\u00f6ren die gew\u00e4hlten Klassensprecher\/-innen und deren Stellvertreter\/-innen an. An unserer Schule sind das in diesem Schuljahr 20 Sch\u00fclerinnen und Sch\u00fcler. Die Mitglieder der SMV w\u00e4hlen aus ihrer Mitte eine Sch\u00fclersprecherin und zwei Stellvertreter.\u00a0Diese sind\u00a0gleichzeitig Mitglieder der Schulkonferenz.<\/p>\n<p><a title=\"SMV-Satzung\" href=\"http:\/\/www.werkrealschule-unterer-neckar.de\/wp-content\/uploads\/2014\/12\/Satzung-der-Sch\u00fclermitverantwortung.pdf\" target=\"_blank\" rel=\"noopener noreferrer\">SMV-Satzung<\/a><\/p>\n<p><strong>Unsere Sch\u00fclersprecher\/-innen<\/strong><\/p>\n<p>Zu den Aufgaben der Sch\u00fclersprecher\/-innen geh\u00f6ren, sich f\u00fcr die Belange der Sch\u00fcler\/-innen einzusetzen und diese gegen\u00fcber der Lehrerschaft bzw. dem Schultr\u00e4ger zu vertreten. Die Sch\u00fclersprecher\/-innen sind gleichzeitig auch Mitglieder der Schulkonferenz, dem obersten Gremium der Schule. Hier sind sie stimmberechtigte Mitglieder bei allen wichtigen, die Schule betreffenden, Belange und Entscheidungen. Sie repr\u00e4sentieren die Sch\u00fclerschaft und sind deren \u201eSprachrohr\u201c. Die Sch\u00fclersprecher\/-innen im Schuljahr 2025\/2026 sind: Enes (10a), Nele (10a) Melissa (10b) und Rojda (10b).<\/p>\n<p><strong>Unsere Verbindungslehrkraft<\/strong><\/p>\n<p>Der Verbindungslehrer ist Andreas Lima.<\/p>\n","protected":false},"excerpt":{"rendered":"<p>Der Sch\u00fclermitverantwortung (SMV) geh\u00f6ren die gew\u00e4hlten Klassensprecher\/-innen und deren Stellvertreter\/-innen an. An unserer Schule sind das in diesem Schuljahr 20 Sch\u00fclerinnen und Sch\u00fcler. Die Mitglieder der SMV w\u00e4hlen aus ihrer Mitte eine Sch\u00fclersprecherin und zwei Stellvertreter.\u00a0Diese sind\u00a0gleichzeitig Mitglieder der Schulkonferenz. SMV-Satzung Unsere Sch\u00fclersprecher\/-innen Zu den Aufgaben der Sch\u00fclersprecher\/-innen geh\u00f6ren, sich f\u00fcr die Belange der Sch\u00fcler\/-innen [&hellip;]<\/p>\n","protected":false},"author":4,"featured_media":0,"parent":10,"menu_order":60,"comment_status":"closed","ping_status":"closed","template":"","meta":{"footnotes":""},"class_list":["post-474","page","type-page","status-publish","hentry"],"_links":{"self":[{"href":"https:\/\/www.werkrealschule-unterer-neckar.de\/index.php?rest_route=\/wp\/v2\/pages\/474","targetHints":{"allow":["GET"]}}],"collection":[{"href":"https:\/\/www.werkrealschule-unterer-neckar.de\/index.php?rest_route=\/wp\/v2\/pages"}],"about":[{"href":"https:\/\/www.werkrealschule-unterer-neckar.de\/index.php?rest_route=\/wp\/v2\/types\/page"}],"author":[{"embeddable":true,"href":"https:\/\/www.werkrealschule-unterer-neckar.de\/index.php?rest_route=\/wp\/v2\/users\/4"}],"replies":[{"embeddable":true,"href":"https:\/\/www.werkrealschule-unterer-neckar.de\/index.php?rest_route=%2Fwp%2Fv2%2Fcomments&post=474"}],"version-history":[{"count":0,"href":"https:\/\/www.werkrealschule-unterer-neckar.de\/index.php?rest_route=\/wp\/v2\/pages\/474\/revisions"}],"up":[{"embeddable":true,"href":"https:\/\/www.werkrealschule-unterer-neckar.de\/index.php?rest_route=\/wp\/v2\/pages\/10"}],"wp:attachment":[{"href":"https:\/\/www.werkrealschule-unterer-neckar.de\/index.php?rest_route=%2Fwp%2Fv2%2Fmedia&parent=474"}],"curies":[{"name":"wp","href":"https:\/\/api.w.org\/{rel}","templated":true}]}}